{"id":2,"date":"2023-03-16T15:40:22","date_gmt":"2023-03-16T14:40:22","guid":{"rendered":"http:\/\/localhost\/csarnok\/?page_id=2"},"modified":"2023-03-26T23:28:30","modified_gmt":"2023-03-26T21:28:30","slug":"uzemcsarnok","status":"publish","type":"page","link":"https:\/\/uzemcsarnok.hu\/de\/","title":{"rendered":"Gewerbehalle im Industriepark Moh\u00e1cs"},"content":{"rendered":"<p><\/p>\r\n<p><strong>Im Industriepark Moh\u00e1cs erwartet eine 2022 errichtete, 2.605 m2 gro\u00dfe und mit einem Br\u00fcckenkran ausgestattete Gewerbehalle seine potenziellen Mieter.<\/strong><\/p>\r\n<p><\/p>\r\n<p><br \/><strong>ANREISE NACH MOH\u00c1CS<\/strong><br \/>Moh\u00e1cs liegt im s\u00fcd\u00f6stlichen Teil des Komitats Baranya und ist mit ihrer derzeitigen Einwohnerzahl von etwa 17.000 die drittgr\u00f6\u00dfte Stadt des Komitats. Moh\u00e1cs liegt am Ufer der Donau, nahe der kroatischen und serbischen Grenze.<\/p>\r\n<p><br \/>Der Industriepark, der zahlreiche kleine, mittlere und gro\u00dfe Unternehmen beherbergt, spielt im Wirtschaftsleben der Stadt eine besonders wichtige Rolle. Die besondere geografische Lage der Stadt und ihre Beschaffenheit als intermodaler Knotenpunkt k\u00f6nnen ein gro\u00dfes Entwicklungs- und Wertsteigerungspotenzial bergen. Die g\u00fcnstige Verkehrsanbindung an die Hauptstadt wird durch die Autobahn M6 sichergestellt, die bald auch eine s\u00fcdliche Verbindung in Richtung Kroatien gew\u00e4hrleisten wird. Dar\u00fcber hinaus sind die Donaubr\u00fccke in Moh\u00e1cs sowie eine Schnellstra\u00dfe, die Moh\u00e1cs mit dem Autobahnkreuz verbindet, geplant. Ebenso hat sich die Regierung als langfristiges Ziel gesetzt, die Trasse K\u0151szeg-Nagykanizsa-P\u00e9cs-Moh\u00e1cs-Szeged-Debrecen der Autobahn M9 auszubauen. Die Stadt Moh\u00e1cs ist auch an den Schienenverkehr angebunden: Eine \u00fcber Vill\u00e1ny nach P\u00e9cs verlaufende EisenbahnNebenstrecke gew\u00e4hrleistet den spurgebundenen Anschluss an das \u00fcberregionale Verkehrsnetz.<\/p>\r\n<p><br \/><strong>MERKMALE DES INDUSTRIEPARKS MOH\u00c1CS<\/strong><br \/>Die Gesamtfl\u00e4che des Industrieparks Moh\u00e1cs betr\u00e4gt 225 ha. 39 %, d. h. 88 ha, sind davon freie Fl\u00e4chen (62 Grundst\u00fccke unterschiedlicher Gr\u00f6\u00dfe), die laufend vermarktet werden. Anzahl der beherbergten Unternehmen: 60. Anzahl der Besch\u00e4ftigten im Industriepark: 1.900 Personen.<\/p>\r\n<p><br \/>Die wichtigsten Branchen, die im Industriepark Moh\u00e1cs vertreten sind:<\/p>\r\n<ul>\r\n<li>Dienstleistung (Logistik, Handel, Spedition)<\/li>\r\n<li>Lebensmittelindustrie<\/li>\r\n<li>Textilindustrie<\/li>\r\n<li>Holzindustrie (M\u00f6belherstellung, Herstellung von Holzfaserplatten, Zimmereibetriebe, Herstellung s\u00e4gerauer Ware)<\/li>\r\n<li>Maschinenbau (Werkzeugmaschinenbau, Fahrzeugbau etc.)<\/li>\r\n<li>Metallindustrie (Herstellung von Metallkonstruktionen, Leichtmetallguss, Metallverarbeitung, Metalloberfl\u00e4chenbehandlung usw.)<\/li>\r\n<li>Baugewerbe<\/li>\r\n<li>Energiewirtschaft (Stromerzeugung)<\/li>\r\n<\/ul>\r\n<p><strong>GEWERBEHALLE<\/strong><br \/>Die Gewerbehalle im Industriepark Moh\u00e1cs hat eine Nutzfl\u00e4che von 2.605 m2. Die Halle verf\u00fcgt \u00fcber die notwendige Grundinfrastruktur; Wasserversorgung, Abwasserentsorgung, Stromversorgung (max. Leistung von 3&#215;100 A), Gasversorgung und die Verf\u00fcgbarkeit des Kommunikationsnetzes sind gew\u00e4hrleistet, au\u00dferdem wurden Brandschutzund Sicherheitssysteme installiert.<\/p>\r\n<p><br \/>Das Hallengeb\u00e4ude wurde als zweischiffiger Bau konzipiert, wobei eines der Schiffe \u00fcber Einrichtungen f\u00fcr das Personal verf\u00fcgt. Die Schiffe und der Personalbereich haben separate Eing\u00e4nge, die Zufahrt zu den Schiffen mit dem Auto ist durch je 1 Hallentor gew\u00e4hrleistet. Im westlichen Schiff wurde ein Br\u00fcckenkran mit einer Tragf\u00e4higkeit von 5 Tonnen installiert, sodass hier auch schwere G\u00fcter bewegt werden k\u00f6nnen. Das \u00f6stliche Schiff verf\u00fcgt \u00fcber keinen Br\u00fcckenkran, dieser kann aber nachtr\u00e4glich installiert werden. Das Hallengeb\u00e4ude ist umz\u00e4unt. Auf dem Dach des Hallengeb\u00e4udes wird eine 50-kW-Solaranlage installiert.<\/p>\r\n<p><br \/>Der Personalbereich verf\u00fcgt \u00fcber ein B\u00fcro, eine Teek\u00fcche, eine gemischte Umkleide mit Dusche und WC f\u00fcr interne Mitarbeiter sowie eine Dusche f\u00fcr externe Mitarbeiter.<\/p>\r\n<p><br \/>Auf der Entwicklungsfl\u00e4che ist ein Parkplatz vorhanden, der ausreichend Platz f\u00fcr 8 PKWs und 3 LKWs gleichzeitig bietet.<\/p>\r\n<p><img loading=\"lazy\" decoding=\"async\" class=\"size-large wp-image-31 aligncenter\" src=\"https:\/\/uzemcsarnok.hu\/wp-content\/uploads\/2023\/03\/IMG_0896-1024x683.jpg\" alt=\"\" width=\"960\" height=\"640\" srcset=\"https:\/\/uzemcsarnok.hu\/wp-content\/uploads\/2023\/03\/IMG_0896-1024x683.jpg 1024w, https:\/\/uzemcsarnok.hu\/wp-content\/uploads\/2023\/03\/IMG_0896-300x200.jpg 300w, https:\/\/uzemcsarnok.hu\/wp-content\/uploads\/2023\/03\/IMG_0896-768x512.jpg 768w, https:\/\/uzemcsarnok.hu\/wp-content\/uploads\/2023\/03\/IMG_0896-1536x1024.jpg 1536w, https:\/\/uzemcsarnok.hu\/wp-content\/uploads\/2023\/03\/IMG_0896-2048x1365.jpg 2048w, https:\/\/uzemcsarnok.hu\/wp-content\/uploads\/2023\/03\/IMG_0896-1140x760.jpg 1140w\" sizes=\"(max-width: 960px) 100vw, 960px\" \/><\/p>","protected":false},"excerpt":{"rendered":"<p>Im Industriepark Moh\u00e1cs erwartet eine 2022 errichtete, 2.605 m2 gro\u00dfe und mit einem Br\u00fcckenkran ausgestattete Gewerbehalle seine potenziellen Mieter. ANREISE NACH MOH\u00c1CSMoh\u00e1cs liegt im s\u00fcd\u00f6stlichen Teil des Komitats Baranya und ist mit ihrer derzeitigen Einwohnerzahl von etwa 17.000 die drittgr\u00f6\u00dfte Stadt des Komitats. Moh\u00e1cs liegt am Ufer der Donau, nahe der kroatischen und serbischen Grenze. Der Industriepark, der zahlreiche kleine, mittlere und gro\u00dfe Unternehmen beherbergt, spielt im Wirtschaftsleben der Stadt eine besonders wichtige Rolle. Die besondere geografische Lage der Stadt und ihre Beschaffenheit als intermodaler Knotenpunkt k\u00f6nnen ein gro\u00dfes Entwicklungs- und Wertsteigerungspotenzial bergen. Die g\u00fcnstige Verkehrsanbindung an die Hauptstadt wird durch die Autobahn M6 sichergestellt, die bald auch eine s\u00fcdliche Verbindung in Richtung Kroatien gew\u00e4hrleisten wird. Dar\u00fcber hinaus sind die Donaubr\u00fccke in Moh\u00e1cs sowie eine Schnellstra\u00dfe, die Moh\u00e1cs mit dem Autobahnkreuz verbindet, geplant. Ebenso hat sich die Regierung als langfristiges Ziel gesetzt, die Trasse K\u0151szeg-Nagykanizsa-P\u00e9cs-Moh\u00e1cs-Szeged-Debrecen der Autobahn M9 auszubauen. Die Stadt Moh\u00e1cs ist auch an den Schienenverkehr angebunden: Eine \u00fcber Vill\u00e1ny nach P\u00e9cs verlaufende EisenbahnNebenstrecke gew\u00e4hrleistet den spurgebundenen Anschluss an das \u00fcberregionale Verkehrsnetz. MERKMALE DES INDUSTRIEPARKS MOH\u00c1CSDie Gesamtfl\u00e4che des Industrieparks Moh\u00e1cs betr\u00e4gt 225 ha. 39 %, d. h. 88 ha, sind davon freie Fl\u00e4chen (62 Grundst\u00fccke unterschiedlicher Gr\u00f6\u00dfe), die laufend vermarktet werden. Anzahl der beherbergten Unternehmen: 60. Anzahl der Besch\u00e4ftigten im Industriepark: 1.900 Personen. Die wichtigsten Branchen, die im Industriepark Moh\u00e1cs vertreten sind: Dienstleistung (Logistik, Handel, Spedition) Lebensmittelindustrie Textilindustrie Holzindustrie (M\u00f6belherstellung, Herstellung von Holzfaserplatten, Zimmereibetriebe, Herstellung s\u00e4gerauer Ware) Maschinenbau (Werkzeugmaschinenbau, Fahrzeugbau etc.) Metallindustrie (Herstellung von Metallkonstruktionen, Leichtmetallguss, Metallverarbeitung, Metalloberfl\u00e4chenbehandlung usw.) Baugewerbe Energiewirtschaft (Stromerzeugung) GEWERBEHALLEDie Gewerbehalle im Industriepark Moh\u00e1cs hat eine Nutzfl\u00e4che von 2.605 m2. Die Halle verf\u00fcgt \u00fcber die notwendige Grundinfrastruktur; Wasserversorgung, Abwasserentsorgung, Stromversorgung (max. Leistung von 3&#215;100 A), Gasversorgung und die Verf\u00fcgbarkeit des Kommunikationsnetzes sind gew\u00e4hrleistet, au\u00dferdem wurden Brandschutzund Sicherheitssysteme installiert. Das Hallengeb\u00e4ude wurde als zweischiffiger Bau konzipiert, wobei eines der Schiffe \u00fcber Einrichtungen f\u00fcr das Personal verf\u00fcgt. Die Schiffe und der Personalbereich haben separate Eing\u00e4nge, die Zufahrt zu den Schiffen mit dem Auto ist durch je 1 Hallentor gew\u00e4hrleistet. Im westlichen Schiff wurde ein Br\u00fcckenkran mit einer Tragf\u00e4higkeit von 5 Tonnen installiert, sodass hier auch schwere G\u00fcter bewegt werden k\u00f6nnen. Das \u00f6stliche Schiff verf\u00fcgt \u00fcber keinen Br\u00fcckenkran, dieser kann aber nachtr\u00e4glich installiert werden. Das Hallengeb\u00e4ude ist umz\u00e4unt. Auf dem Dach des Hallengeb\u00e4udes wird eine 50-kW-Solaranlage installiert. Der Personalbereich verf\u00fcgt \u00fcber ein B\u00fcro, eine Teek\u00fcche, eine gemischte Umkleide mit Dusche und WC f\u00fcr interne Mitarbeiter sowie eine Dusche f\u00fcr externe Mitarbeiter. Auf der Entwicklungsfl\u00e4che ist ein Parkplatz vorhanden, der ausreichend Platz f\u00fcr 8 PKWs und 3 LKWs gleichzeitig bietet.<\/p>\n","protected":false},"author":1,"featured_media":0,"parent":0,"menu_order":0,"comment_status":"closed","ping_status":"open","template":"","meta":{"ngg_post_thumbnail":0,"footnotes":""},"translation":{"provider":"WPGlobus","version":"2.10.10","language":"de","enabled_languages":["hu","gb","de"],"languages":{"hu":{"title":true,"content":true,"excerpt":false},"gb":{"title":true,"content":true,"excerpt":false},"de":{"title":true,"content":true,"excerpt":false}}},"_links":{"self":[{"href":"https:\/\/uzemcsarnok.hu\/de\/wp-json\/wp\/v2\/pages\/2"}],"collection":[{"href":"https:\/\/uzemcsarnok.hu\/de\/wp-json\/wp\/v2\/pages"}],"about":[{"href":"https:\/\/uzemcsarnok.hu\/de\/wp-json\/wp\/v2\/types\/page"}],"author":[{"embeddable":true,"href":"https:\/\/uzemcsarnok.hu\/de\/wp-json\/wp\/v2\/users\/1"}],"replies":[{"embeddable":true,"href":"https:\/\/uzemcsarnok.hu\/de\/wp-json\/wp\/v2\/comments?post=2"}],"version-history":[{"count":19,"href":"https:\/\/uzemcsarnok.hu\/de\/wp-json\/wp\/v2\/pages\/2\/revisions"}],"predecessor-version":[{"id":50,"href":"https:\/\/uzemcsarnok.hu\/de\/wp-json\/wp\/v2\/pages\/2\/revisions\/50"}],"wp:attachment":[{"href":"https:\/\/uzemcsarnok.hu\/de\/wp-json\/wp\/v2\/media?parent=2"}],"curies":[{"name":"wp","href":"https:\/\/api.w.org\/{rel}","templated":true}]}}